{"id":6503,"date":"2015-11-18T18:45:29","date_gmt":"2015-11-18T18:45:29","guid":{"rendered":"http:\/\/www.rec.uff.br\/?page_id=6503"},"modified":"2016-01-14T19:18:19","modified_gmt":"2016-01-14T19:18:19","slug":"equipe","status":"publish","type":"page","link":"https:\/\/rec.uff.br\/?page_id=6503","title":{"rendered":"Equipe"},"content":{"rendered":"<p><a href=\"https:\/\/rec.uff.br\/wp-content\/uploads\/sites\/196\/2015\/11\/Guilherme.jpg\"><img loading=\"lazy\" decoding=\"async\" class=\"alignleft wp-image-6551\" src=\"https:\/\/rec.uff.br\/wp-content\/uploads\/sites\/196\/2015\/11\/Guilherme.jpg\" alt=\"Guilherme\" width=\"200\" height=\"267\" \/><\/a><\/p>\n<p>&nbsp;<\/p>\n<p><strong>Guilherme Nery Atem (L\u00edder do ReC)<\/strong><\/p>\n<p>Possui gradua\u00e7\u00e3o em Comunica\u00e7\u00e3o Social &#8211; Publicidade e Propaganda pela FACHA; especializa\u00e7\u00e3o em Filosofia Contempor\u00e2nea pela PUC-Rio; mestrado em Comunica\u00e7\u00e3o e Cultura pela UFRJ; mestrado em Letras\/Lingu\u00edstica pela UERJ; doutorado em Comunica\u00e7\u00e3o e Cultura pela UFRJ; e p\u00f3s-doutorado em Letras\/Lingu\u00edstica na UERJ. \u00c9 professor dos cursos de gradua\u00e7\u00e3o em Publicidade e Propaganda e Jornalismo e do Programa de P\u00f3s-Gradua\u00e7\u00e3o em M\u00eddia e Cotidiano (PPGMC) na UFF. Vice-presidente da Associa\u00e7\u00e3o Brasileira de Pesquisadores de Publicidade (ABP2) e membro da diretoria da Associa\u00e7\u00e3o Brasileira de Estudos Semi\u00f3ticos (ABES).<\/p>\n<p>&nbsp;<\/p>\n<p>&nbsp;<\/p>\n<p>&nbsp;<\/p>\n<p><a href=\"https:\/\/rec.uff.br\/wp-content\/uploads\/sites\/196\/2015\/11\/Sandro.jpg\"><img loading=\"lazy\" decoding=\"async\" class=\"alignleft wp-image-6552\" src=\"https:\/\/rec.uff.br\/wp-content\/uploads\/sites\/196\/2015\/11\/Sandro.jpg\" alt=\"Sandro\" width=\"200\" height=\"250\" \/><\/a><\/p>\n<p>&nbsp;<\/p>\n<p><strong>Sandro T\u00f4rres de Azevedo (Vice-l\u00edder do ReC)<\/strong><\/p>\n<p>Possui gradua\u00e7\u00e3o em Comunica\u00e7\u00e3o Social &#8211; Publicidade e Propaganda pela UFF; especializa\u00e7\u00e3o em Doc\u00eancia Superior pela UNESA; mestrado em Comunica\u00e7\u00e3o e Cultura pela UFRJ. \u00c9 doutorando em Estudos de Linguagem pela UFF. \u00c9 professor dos cursos de gradua\u00e7\u00e3o em Publicidade e Propaganda, Jornalismo, Rela\u00e7\u00f5es Publicas e Radialismo na FACHA e na UVA.<\/p>\n<p>&nbsp;<\/p>\n<p>&nbsp;<\/p>\n<p>&nbsp;<\/p>\n<p>&nbsp;<\/p>\n<p>&nbsp;<\/p>\n<p><strong><img loading=\"lazy\" decoding=\"async\" class=\"alignleft wp-image-6553\" src=\"https:\/\/rec.uff.br\/wp-content\/uploads\/sites\/196\/2015\/11\/Thaiane.jpg\" alt=\"Thaiane\" width=\"197\" height=\"250\" \/><\/strong><\/p>\n<p>&nbsp;<\/p>\n<p><strong>Thaiane Moreira de Oliveira<\/strong><\/p>\n<p>Possui gradua\u00e7\u00e3o em Comunica\u00e7\u00e3o Social &#8211; Jornalismo pela UNESA; mestrado e doutorado em Comunica\u00e7\u00e3o pela UFF. \u00c9 professora do curso de gradua\u00e7\u00e3o em Estudos de M\u00eddia na UFF. Vice-coordenadora editorial da Revista Ciberlegenda, membro do corpo editorial da Revista Contracampo e co-coordenadora do Programa de Extens\u00e3o Polo de Pesquisa e Produ\u00e7\u00e3o em Jogos Eletr\u00f4nicos e Redes Colaborativas (P3).<\/p>\n<p>&nbsp;<\/p>\n<p>&nbsp;<\/p>\n<p>&nbsp;<\/p>\n<p>&nbsp;<\/p>\n<p><strong><img loading=\"lazy\" decoding=\"async\" class=\"alignleft wp-image-6554\" src=\"https:\/\/rec.uff.br\/wp-content\/uploads\/sites\/196\/2015\/11\/Fernanda.jpg\" alt=\"Fernanda\" width=\"200\" height=\"206\" \/><\/strong><\/p>\n<p>&nbsp;<\/p>\n<p><strong>Fernanda Carrera<\/strong><\/p>\n<p>Possui gradua\u00e7\u00e3o em Comunica\u00e7\u00e3o Social &#8211; Publicidade e Propaganda pela UCSAL; especializa\u00e7\u00e3o em Gram\u00e1tica e Texto pela UNIFACS; mestrado em Comunica\u00e7\u00e3o e Cultura Contempor\u00e2nea pela UFBA. \u00c9 doutoranda em Comunica\u00e7\u00e3o pela UFF. Foi coordenadora do curso de Publicidade e Propaganda da Est\u00e1cio-FIB e professora da Est\u00e1cio-FIB, UNIJORGE, UNIBAHIA E UNIME.<\/p>\n<p>&nbsp;<\/p>\n<p>&nbsp;<\/p>\n<p>&nbsp;<\/p>\n<p>&nbsp;<\/p>\n<p><a href=\"https:\/\/rec.uff.br\/wp-content\/uploads\/sites\/196\/2015\/11\/Eneus.jpg\"><img loading=\"lazy\" decoding=\"async\" class=\"alignleft wp-image-6555\" src=\"https:\/\/rec.uff.br\/wp-content\/uploads\/sites\/196\/2015\/11\/Eneus.jpg\" alt=\"Eneus\" width=\"200\" height=\"203\" \/><\/a><\/p>\n<p><strong>Eneus Trindade<\/strong><\/p>\n<p>Possui gradua\u00e7\u00e3o em Comunica\u00e7\u00e3o Social \u2013 Publicidade e Propaganda pela UFPE; mestrado e doutorado em Ci\u00eancias da Comunica\u00e7\u00e3o pela USP; p\u00f3s-doutorado em Comunica\u00e7\u00e3o pela Universidade Aberta (Portugal). \u00c9 livre-docente em Comunica\u00e7\u00e3o pela USP. \u00c9 professor do curso de gradua\u00e7\u00e3o em Publicidade e Propaganda e do Programa de P\u00f3s-gradua\u00e7\u00e3o em Ci\u00eancias da Comunica\u00e7\u00e3o na USP. \u00c9 membro assessor da FAPESP e do CNPq.<\/p>\n<p>&nbsp;<\/p>\n<p>&nbsp;<\/p>\n<p>&nbsp;<\/p>\n<p><a href=\"https:\/\/rec.uff.br\/wp-content\/uploads\/sites\/196\/2015\/11\/Lucimara.jpg\"><img loading=\"lazy\" decoding=\"async\" class=\"alignleft wp-image-6556\" src=\"https:\/\/rec.uff.br\/wp-content\/uploads\/sites\/196\/2015\/11\/Lucimara.jpg\" alt=\"Lucimara\" width=\"200\" height=\"300\" \/><\/a><\/p>\n<p>&nbsp;<\/p>\n<p><strong>Lucimara Rett<\/strong><\/p>\n<p>Possui gradua\u00e7\u00e3o em Comunica\u00e7\u00e3o Social \u2013 Publicidade e Propaganda pela UNITAU; mestrado em Comunica\u00e7\u00e3o pela UNIP; e doutorado em Comunica\u00e7\u00e3o pela UMESP. \u00c9 professora e coordenadora do curso de gradua\u00e7\u00e3o em Publicidade e Propaganda na UFRJ.<\/p>\n<p>&nbsp;<\/p>\n<p>&nbsp;<\/p>\n<p>&nbsp;<\/p>\n<p>&nbsp;<\/p>\n<p>&nbsp;<\/p>\n<p>&nbsp;<\/p>\n<p><a href=\"https:\/\/rec.uff.br\/wp-content\/uploads\/sites\/196\/2015\/11\/Patricia.jpg\"><img loading=\"lazy\" decoding=\"async\" class=\"alignleft wp-image-6558\" src=\"https:\/\/rec.uff.br\/wp-content\/uploads\/sites\/196\/2015\/11\/Patricia.jpg\" alt=\"Patricia\" width=\"200\" height=\"225\" \/><\/a><\/p>\n<p>&nbsp;<\/p>\n<p><strong>Patr\u00edcia Burrowes<\/strong><\/p>\n<p>Possui gradua\u00e7\u00e3o em Comunica\u00e7\u00e3o Social \u2013 Publicidade e Propaganda pela UFRJ; mestrado e doutorado em Comunica\u00e7\u00e3o e Cultura pela UFRJ. \u00c9 professora do curso de gradua\u00e7\u00e3o em Publicidade e Propaganda na UFRJ.<\/p>\n<p>&nbsp;<\/p>\n<p>&nbsp;<\/p>\n<p>&nbsp;<\/p>\n<p>&nbsp;<\/p>\n<p><a href=\"https:\/\/rec.uff.br\/wp-content\/uploads\/sites\/196\/2015\/11\/Laura.jpg\"><img loading=\"lazy\" decoding=\"async\" class=\"alignleft wp-image-6559\" src=\"https:\/\/rec.uff.br\/wp-content\/uploads\/sites\/196\/2015\/11\/Laura.jpg\" alt=\"Laura\" width=\"200\" height=\"296\" \/><\/a><\/p>\n<p>&nbsp;<\/p>\n<p><strong>Laura Bedran<\/strong><\/p>\n<p>Possui gradua\u00e7\u00e3o em Comunica\u00e7\u00e3o Visual pela UFRJ; mestrado em Artes Visuais pela UFRJ; e doutorado em Comunica\u00e7\u00e3o pela UFF. \u00c9 professora e Coordenadora do curso de gradua\u00e7\u00e3o em Publicidade e Propaganda e do Programa de P\u00f3s-Gradua\u00e7\u00e3o em M\u00eddia e Cotidiano (PPGMC) na UFF.<\/p>\n<p>&nbsp;<\/p>\n<p>&nbsp;<\/p>\n<p>&nbsp;<\/p>\n<p>&nbsp;<\/p>\n<p>&nbsp;<\/p>\n<p>&nbsp;<\/p>\n<p><a href=\"https:\/\/rec.uff.br\/wp-content\/uploads\/sites\/196\/2015\/11\/Christian.jpg\"><img loading=\"lazy\" decoding=\"async\" class=\"alignleft wp-image-6560\" src=\"https:\/\/rec.uff.br\/wp-content\/uploads\/sites\/196\/2015\/11\/Christian.jpg\" alt=\"Christian\" width=\"200\" height=\"198\" srcset=\"https:\/\/rec.uff.br\/wp-content\/uploads\/sites\/196\/2015\/11\/Christian.jpg 435w, https:\/\/rec.uff.br\/wp-content\/uploads\/sites\/196\/2015\/11\/Christian-150x150.jpg 150w, https:\/\/rec.uff.br\/wp-content\/uploads\/sites\/196\/2015\/11\/Christian-125x125.jpg 125w\" sizes=\"(max-width: 200px) 100vw, 200px\" \/><\/a><\/p>\n<p>&nbsp;<\/p>\n<p><strong>Christian Bernard<\/strong><\/p>\n<p>Possui gradua\u00e7\u00e3o em Comunica\u00e7\u00e3o Social \u2013 Publicidade e Propaganda pela FACHA; especializa\u00e7\u00e3o em Marketing Digital pelo INFNET. \u00c9 mestrando em Ci\u00eancia da Informa\u00e7\u00e3o pelo IBICT\/UFRJ. \u00c9 professor do curso de gradua\u00e7\u00e3o em Publicidade e Propaganda na FACHA e na UFRJ. \u00c9 s\u00f3cio-diretor da ag\u00eancia Get It! Comunica\u00e7\u00e3o.<\/p>\n<p>&nbsp;<\/p>\n<p>&nbsp;<\/p>\n<p>&nbsp;<\/p>\n<p><a href=\"https:\/\/rec.uff.br\/wp-content\/uploads\/sites\/196\/2015\/11\/Daniele.jpg\"><img loading=\"lazy\" decoding=\"async\" class=\"alignleft wp-image-6561\" src=\"https:\/\/rec.uff.br\/wp-content\/uploads\/sites\/196\/2015\/11\/Daniele.jpg\" alt=\"Daniele\" width=\"200\" height=\"236\" \/><\/a><\/p>\n<p>&nbsp;<\/p>\n<p><strong>Daniele de Castro Alves<\/strong><\/p>\n<p>Possui gradua\u00e7\u00e3o em Comunica\u00e7\u00e3o Social \u2013 Publicidade e Propaganda pela UFRJ; especializa\u00e7\u00e3o em Marketing Estrat\u00e9gico pela UniverCidade. \u00c9 mestranda em Comunica\u00e7\u00e3o pela UERJ. \u00c9 redatora publicit\u00e1ria atuante no mercado.<\/p>\n<p>&nbsp;<\/p>\n<p>&nbsp;<\/p>\n<p>&nbsp;<\/p>\n<p>&nbsp;<\/p>\n<p>&nbsp;<\/p>\n<p><strong><img loading=\"lazy\" decoding=\"async\" class=\"alignleft wp-image-6562\" src=\"https:\/\/rec.uff.br\/wp-content\/uploads\/sites\/196\/2015\/11\/Mariana.jpg\" alt=\"Mariana\" width=\"200\" height=\"245\" \/><\/strong><\/p>\n<p>&nbsp;<\/p>\n<p><strong>Mariana Ayres Tavares<\/strong><\/p>\n<p>Possui gradua\u00e7\u00e3o em Comunica\u00e7\u00e3o Social \u2013 Publicidade e Propaganda pela UFF; especializa\u00e7\u00e3o em Pesquisa de Mercado e Opini\u00e3o P\u00fablica pela UERJ. \u00c9 mestranda em Comunica\u00e7\u00e3o pela PUC-Rio. \u00c9 analista s\u00eanior de pesquisa na empresa L\u2019Or\u00e9al Brasil.<\/p>\n<p>&nbsp;<\/p>\n<p>&nbsp;<\/p>\n<p>&nbsp;<\/p>\n<p>&nbsp;<\/p>\n<p>&nbsp;<\/p>\n<p><strong><img loading=\"lazy\" decoding=\"async\" class=\"alignleft wp-image-6566\" src=\"https:\/\/rec.uff.br\/wp-content\/uploads\/sites\/196\/2015\/11\/Francisco2.jpg\" alt=\"Francisco2\" width=\"200\" height=\"225\" \/><\/strong><\/p>\n<p>&nbsp;<\/p>\n<p><strong>Francisco Monteiro de Souza Neto<\/strong><\/p>\n<p>Possui gradua\u00e7\u00e3o em Administra\u00e7\u00e3o e em Sistemas de Computa\u00e7\u00e3o, ambas pela UFF; especializa\u00e7\u00e3o em Gest\u00e3o de pessoas e Projetos Sociais pela UNIFEI. \u00c9 mestrando em M\u00eddia e Cotidiano pela UFF.<\/p>\n<p>&nbsp;<\/p>\n<p>&nbsp;<\/p>\n<p>&nbsp;<\/p>\n<p>&nbsp;<\/p>\n<p>&nbsp;<\/p>\n<div><a href=\"https:\/\/rec.uff.br\/wp-content\/uploads\/sites\/196\/2015\/11\/Tatiana.jpg\" rel=\"attachment wp-att-6671\"><img loading=\"lazy\" decoding=\"async\" class=\"wp-image-6671 alignleft\" src=\"https:\/\/rec.uff.br\/wp-content\/uploads\/sites\/196\/2015\/11\/Tatiana.jpg\" alt=\"Tatiana\" width=\"200\" height=\"256\" \/><\/a><\/div>\n<div>\n<p>&nbsp;<\/p>\n<p><strong>Tatiana \u00a0Cioni Couto<\/strong><\/p>\n<p>Jornalista, possui p\u00f3s-gradua\u00e7\u00e3o em Jornalismo Digital e em Marketing;\u00a0mestre pelo Programa de P\u00f3s-gradua\u00e7\u00e3o em M\u00eddia e Cotidiano da UFF. \u00c9 professora da Faculdade Pinheiro Guimar\u00e3es.<\/p>\n<\/div>\n<p>&nbsp;<\/p>\n<p>&nbsp;<\/p>\n<p>&nbsp;<\/p>\n<p>&nbsp;<\/p>\n<p>&nbsp;<\/p>\n<p>&nbsp;<\/p>\n<p>&nbsp;<\/p>\n<p><a href=\"https:\/\/rec.uff.br\/wp-content\/uploads\/sites\/196\/2015\/11\/deborah.jpg\" rel=\"attachment wp-att-6668\"><img loading=\"lazy\" decoding=\"async\" class=\"wp-image-6668 alignleft\" src=\"https:\/\/rec.uff.br\/wp-content\/uploads\/sites\/196\/2015\/11\/deborah.jpg\" alt=\"deborah\" width=\"200\" height=\"266\" \/><\/a><\/p>\n<div><\/div>\n<div><\/div>\n<div><\/div>\n<div><\/div>\n<div><\/div>\n<div><strong>D\u00e9borah Vasconcelos<\/strong><\/div>\n<div><\/div>\n<div>Possui gradua\u00e7\u00e3o em Comunica\u00e7\u00e3o Social com habilita\u00e7\u00e3o em Publicidade e Propaganda e Radialismo pela UFRJ. \u00c9 mestranda no Programa de P\u00f3s-Gradua\u00e7\u00e3o em M\u00eddia e Cotidiano pela UFF.\u00a0Experi\u00eancia e atua\u00e7\u00e3o na \u00e1rea de produ\u00e7\u00e3o de eventos e mercado cinematogr\u00e1fico.<\/div>\n<div><\/div>\n<div><\/div>\n<div><\/div>\n<div><\/div>\n<div><\/div>\n<div><\/div>\n<div><\/div>\n<div><\/div>\n<div><\/div>\n<div><\/div>\n<div><\/div>\n","protected":false},"excerpt":{"rendered":"<p>&nbsp; Guilherme Nery Atem (L\u00edder do ReC) Possui gradua\u00e7\u00e3o em Comunica\u00e7\u00e3o Social &#8211; Publicidade e Propaganda pela FACHA; especializa\u00e7\u00e3o em Filosofia Contempor\u00e2nea pela PUC-Rio; mestrado em Comunica\u00e7\u00e3o e Cultura pela [&hellip;]<\/p>\n","protected":false},"author":123481,"featured_media":0,"parent":0,"menu_order":0,"comment_status":"closed","ping_status":"closed","template":"","meta":{"_et_pb_use_builder":"","_et_pb_old_content":"","_et_gb_content_width":"","_exactmetrics_skip_tracking":false,"_exactmetrics_sitenote_active":false,"_exactmetrics_sitenote_note":"","_exactmetrics_sitenote_category":0,"footnotes":""},"categories":[],"tags":[],"class_list":["post-6503","page","type-page","status-publish","hentry"],"_links":{"self":[{"href":"https:\/\/rec.uff.br\/index.php?rest_route=\/wp\/v2\/pages\/6503","targetHints":{"allow":["GET"]}}],"collection":[{"href":"https:\/\/rec.uff.br\/index.php?rest_route=\/wp\/v2\/pages"}],"about":[{"href":"https:\/\/rec.uff.br\/index.php?rest_route=\/wp\/v2\/types\/page"}],"author":[{"embeddable":true,"href":"https:\/\/rec.uff.br\/index.php?rest_route=\/wp\/v2\/users\/123481"}],"replies":[{"embeddable":true,"href":"https:\/\/rec.uff.br\/index.php?rest_route=%2Fwp%2Fv2%2Fcomments&post=6503"}],"version-history":[{"count":22,"href":"https:\/\/rec.uff.br\/index.php?rest_route=\/wp\/v2\/pages\/6503\/revisions"}],"predecessor-version":[{"id":6674,"href":"https:\/\/rec.uff.br\/index.php?rest_route=\/wp\/v2\/pages\/6503\/revisions\/6674"}],"wp:attachment":[{"href":"https:\/\/rec.uff.br\/index.php?rest_route=%2Fwp%2Fv2%2Fmedia&parent=6503"}],"wp:term":[{"taxonomy":"category","embeddable":true,"href":"https:\/\/rec.uff.br\/index.php?rest_route=%2Fwp%2Fv2%2Fcategories&post=6503"},{"taxonomy":"post_tag","embeddable":true,"href":"https:\/\/rec.uff.br\/index.php?rest_route=%2Fwp%2Fv2%2Ftags&post=6503"}],"curies":[{"name":"wp","href":"https:\/\/api.w.org\/{rel}","templated":true}]}}